{"id":13735,"date":"2023-02-20T12:16:04","date_gmt":"2023-02-20T12:16:04","guid":{"rendered":"https:\/\/feisphaislig.com\/bard-phaislig\/"},"modified":"2025-05-17T15:34:16","modified_gmt":"2025-05-17T15:34:16","slug":"bard-phaislig","status":"publish","type":"page","link":"https:\/\/feisphaislig.com\/gd\/bard-phaislig\/","title":{"rendered":"B\u00e0rd Ph\u00e0islig"},"content":{"rendered":"<p><\/p><!--themify_builder_content-->\n<div id=\"themify_builder_content-13735\" data-postid=\"13735\" class=\"themify_builder_content themify_builder_content-13735 themify_builder tf_clear\">\n                    <div  data-tablet_landscape-padding=\"2%,2%\" data-css_id=\"x490003\" data-lazy=\"1\" class=\"module_row themify_builder_row fullwidth_row_container tb_x490003 tb_first tf_w\">\n                        <div class=\"row_inner col_align_middle tb_col_count_2 tf_box tf_rel\">\n                        <div  data-lazy=\"1\" class=\"module_column tb-column col4-2 tb_c72e104 first\">\n                    <!-- module image -->\n<div  class=\"module module-image tb_7knd466 image-top bordered  tf_mw\" data-lazy=\"1\">\n        <div class=\"image-wrap tf_rel tf_mw\">\n            <img loading=\"lazy\" decoding=\"async\" width=\"1650\" height=\"2412\" src=\"https:\/\/feisphaislig.com\/wp-content\/uploads\/2023\/02\/DRPortrait.jpg\" class=\"wp-post-image wp-image-10246\" title=\"DRPortrait\" alt=\"\u00a9 Teaghlach nan Cuimeanach\" srcset=\"https:\/\/feisphaislig.com\/wp-content\/uploads\/2023\/02\/DRPortrait.jpg 1650w, https:\/\/feisphaislig.com\/wp-content\/uploads\/2023\/02\/DRPortrait-205x300.jpg 205w, https:\/\/feisphaislig.com\/wp-content\/uploads\/2023\/02\/DRPortrait-700x1024.jpg 700w, https:\/\/feisphaislig.com\/wp-content\/uploads\/2023\/02\/DRPortrait-768x1123.jpg 768w, https:\/\/feisphaislig.com\/wp-content\/uploads\/2023\/02\/DRPortrait-1051x1536.jpg 1051w, https:\/\/feisphaislig.com\/wp-content\/uploads\/2023\/02\/DRPortrait-1401x2048.jpg 1401w\" sizes=\"auto, (max-width: 1650px) 100vw, 1650px\" \/>    \n        <\/div>\n    <!-- \/image-wrap -->\n    \n        <div class=\"image-content\">\n                        <div class=\"image-caption tb_text_wrap\">\n            \u00a9 Teaghlach nan Cuimeanach        <\/div>\n        <!-- \/image-caption -->\n            <\/div>\n    <!-- \/image-content -->\n        <\/div>\n<!-- \/module image -->        <\/div>\n                    <div  data-lazy=\"1\" class=\"module_column tb-column col4-2 tb_zbuj701 last\">\n                    <!-- module text -->\n<div  class=\"module module-text tb_t7ai409   \" data-lazy=\"1\">\n        <div  class=\"tb_text_wrap\">\n        <div class=\"page\" title=\"Duilleag 2\">\n<div class=\"section\">\n<div class=\"layoutArea\">\n<div class=\"column\">\n<h1 style=\"text-align: left\">B\u00e0rd Ph\u00e0islig<\/h1>\n<\/div>\n<\/div>\n<\/div>\n<\/div>    <\/div>\n<\/div>\n<!-- \/module text --><!-- module text -->\n<div  class=\"module module-text tb_kdkq103   \" data-lazy=\"1\">\n        <div  class=\"tb_text_wrap\">\n        <div class=\"page\" title=\"Duilleag 2\">\n<div class=\"section\">\n<div class=\"layoutArea\">\n<div class=\"column\">\n<h3 style=\"text-align: left\"><em>B\u00e0rd Ph\u00e0islig<\/em><\/h3>\n<\/div>\n<\/div>\n<\/div>\n<\/div>    <\/div>\n<\/div>\n<!-- \/module text --><!-- module text -->\n<div  class=\"module module-text tb_mhfa785   \" data-lazy=\"1\">\n        <div  class=\"tb_text_wrap\">\n        <div class=\"page\" title=\"Duilleag 2\">\n<div class=\"section\">\n<div class=\"layoutArea\">\n<div class=\"column\">\n<p style=\"text-align: left\"><strong><em>Goireas a chaidh a chruinneachadh le Gillebr\u00ecde Mac\u2019IlleMhaoil<\/em><\/strong><\/p>\n<\/div>\n<\/div>\n<\/div>\n<\/div>    <\/div>\n<\/div>\n<!-- \/module text --><!-- module text -->\n<div  class=\"module module-text tb_oohh161   \" data-lazy=\"1\">\n        <div  class=\"tb_text_wrap\">\n        <p style=\"font-weight: 400\">Tha ceangal l\u00e0idir eadar P\u00e0islig agus cultar G\u00e0idhlig leis gun robh aon dhe na b\u00e0ird ainmeile na 20mh linne a\u2019 fuireach ann. Ged a rugadh D\u00f2mhnall Mac an t-Saoir no D\u00f2mhnall Ruadh mac Aonghais Ruaidh ann an Uibhist a Deas, \u2019s ann am P\u00e0islig a chuir e seachad cuid mh\u00f2r dhe bheatha ann am P\u00e0islig agus sin far an do thog e a theaghlach. Agus chaidh a th\u00ecodhlacadh ann an Cladh Hawkhead ann am P\u00e0islig. \u2019S e B\u00e0rd Ph\u00e0islig an t-ainm a bh\u2019 aig m\u00f2ran air. B\u2019 e B\u00e0rd Ph\u00e0islig a rinn cuid dhe na h-\u00f2rain as ainmeile ann am P\u00e0islig fh\u00e8in \u2013 can \u00d2ran na Cloiche agus B\u00f9th Dh\u00f2mhnaill \u2019IcLe\u00f2id.    <\/p>    <\/div>\n<\/div>\n<!-- \/module text -->        <\/div>\n                        <\/div>\n        <\/div>\n                        <div  data-lazy=\"1\" class=\"module_row themify_builder_row tb_qqxo343 tf_w\">\n                        <div class=\"row_inner col_align_top tb_col_count_1 tf_box tf_rel\">\n                        <div  data-lazy=\"1\" class=\"module_column tb-column col-full tb_kphj130 first\">\n                    <!-- module text -->\n<div  class=\"module module-text tb_vo5q230   \" data-lazy=\"1\">\n        <div  class=\"tb_text_wrap\">\n        <div class=\"page\" title=\"Duilleag 2\">\n<div class=\"section\">\n<div class=\"layoutArea\">\n<div class=\"column\">\n<h1 style=\"text-align: left\">C\u00f2 bh\u2019 ann an D\u00f2mhnall Ruadh, B\u00e0rd Ph\u00e0islig?<\/h1>\n<\/div>\n<\/div>\n<\/div>\n<\/div>    <\/div>\n<\/div>\n<!-- \/module text --><!-- module text -->\n<div  class=\"module module-text tb_1vw6355   \" data-lazy=\"1\">\n        <div  class=\"tb_text_wrap\">\n        <p style=\"font-weight: 400\">Rugadh D\u00f2mhnall ann an Snaoiseabhal ann an 1889, clachan beag ann an Uibhist a Deas sna h-Eileanan Siar. Cha robh ach G\u00e0idhlig aig a mh\u00e0thair agus bha an d\u00e0 ch\u00e0nan aig athair. Chuir D\u00f2mhnall seachad \u00f9ine mh\u00f2r c\u00f2mhla ri a mh\u00e0thair nuair a bha e \u00f2g agus ri linn sin, bha briathrachas G\u00e0idhlig m\u00f2r is farsaing aige \u2013 fad a bharrachd a bhiodh aig m\u00f2ran dhe cho-aoisean.  <\/p>    <\/div>\n<\/div>\n<!-- \/module text -->        <\/div>\n                        <\/div>\n        <\/div>\n                        <div  data-lazy=\"1\" class=\"module_row themify_builder_row tb_oq6w859 tf_w\">\n                        <div class=\"row_inner col_align_top tb_col_count_3 tf_box tf_rel\">\n                        <div  data-lazy=\"1\" class=\"module_column tb-column col3-1 tb_7679859 first\">\n                    <!-- module text -->\n<div  class=\"module module-text tb_gkdc859   \" data-lazy=\"1\">\n        <div  class=\"tb_text_wrap\">\n        <div class=\"page\" title=\"Duilleag 2\">\n<div class=\"section\">\n<div class=\"layoutArea\">\n<div class=\"column\">\n<h1 style=\"text-align: left\">Neach-labhairt na coimhearsnachd<\/h1>\n<\/div>\n<\/div>\n<\/div>\n<\/div>    <\/div>\n<\/div>\n<!-- \/module text --><!-- module text -->\n<div  class=\"module module-text tb_7s92859   \" data-lazy=\"1\">\n        <div  class=\"tb_text_wrap\">\n        <p style=\"font-weight: 400\">Cha robh D\u00f2mhnall ach 19 nuair a b\u2019 fheudar dha muinntir an eilein aige a riochdachadh aig c\u00f9irt. Bha uachdaran fearann Uibhist, a\u2019 Bhaintighearna Gordon Cathcart, airson toirmeasg do dhaoine coin a chumail airson obair na croite. Chaidh D\u00f2mhnall Ruadh ainmeachadh leis a\u2019 choimhearsnachd airson an riochdachadh sa ch\u00f9irt \u2013 agus chaidh leis. Dh\u2019innis e gur e C\u00f9irt nan Con a\u2019 chiad turas a rinn e p\u00ecos b\u00e0rdachd.   <\/p>    <\/div>\n<\/div>\n<!-- \/module text -->        <\/div>\n                    <div  data-lazy=\"1\" class=\"module_column tb-column col3-1 tb_07g9648\">\n                    <!-- module text -->\n<div  class=\"module module-text tb_4tqs127   \" data-lazy=\"1\">\n        <div  class=\"tb_text_wrap\">\n        <div class=\"page\" title=\"Duilleag 2\">\n<div class=\"section\">\n<div class=\"layoutArea\">\n<div class=\"column\">\n<h1 style=\"text-align: left\">Seirbheis san arm<\/h1>\n<\/div>\n<\/div>\n<\/div>\n<\/div>    <\/div>\n<\/div>\n<!-- \/module text --><!-- module text -->\n<div  class=\"module module-text tb_2w2g62   \" data-lazy=\"1\">\n        <div  class=\"tb_text_wrap\">\n        <p style=\"font-weight: 400\">Bha D\u00f2mhnall Ruadh sna Camshronaich fhad \u2019s a bha e san arm ach dh\u2019fh\u00e0g e an t-arm mus do th\u00f2isich a\u2019 chiad chogadh m\u00f2r. Ge-t\u00e0, bha e a\u2019 faireachdainn gum bu ch\u00f2ir dha seirbheis a dh\u00e8anamh agus ghabh e san arm as \u00f9r agus rinn e sabaid sa chiad chogadh. Ach seach mar a rinn m\u00f2ran dhe na b\u00e0ird Gh\u00e0idhlig eile a bha sa chogadh sin, cha do rinn D\u00f2mhnall Ruadh b\u00e0rdachd sam bith mun chogadh.  <\/p>    <\/div>\n<\/div>\n<!-- \/module text -->        <\/div>\n                    <div  data-lazy=\"1\" class=\"module_column tb-column col3-1 tb_rdo0648 last\">\n                    <!-- module text -->\n<div  class=\"module module-text tb_y05c29   \" data-lazy=\"1\">\n        <div  class=\"tb_text_wrap\">\n        <div class=\"page\" title=\"Duilleag 2\">\n<div class=\"section\">\n<div class=\"layoutArea\">\n<div class=\"column\">\n<h1 style=\"text-align: left\">An t-\u00ecsleachadh m\u00f2r<\/h1>\n<\/div>\n<\/div>\n<\/div>\n<\/div>    <\/div>\n<\/div>\n<!-- \/module text --><!-- module text -->\n<div  class=\"module module-text tb_xpw0574   \" data-lazy=\"1\">\n        <div  class=\"tb_text_wrap\">\n        <p style=\"font-weight: 400\">Dh\u2019\u00e8irich \u00ecsleachadh m\u00f2r san eaconamaidh an d\u00e8idh a\u2019 chiad chogaidh mh\u00f2ir. Cha robh c\u00f9isean furasta do mh\u00f2ran aig toiseach 20an na naoidheamh linn dheug, a\u2019 gabhail a-staigh D\u00f2mhnall. Bha e na chlachair ann an Uibhist an d\u00e8idh a\u2019 chogaidh ach b\u2019 fheudar dha an t-eilean fh\u00e0gail an t\u00f2ir obrach. Rinn e obair ann an iomadh \u00e0ite ann an Alba ach ghabh e c\u00f2mhnaidh ann am P\u00e0islig aig a\u2019 cheann thall agus is ann an sin a thug e seachad a ch\u00f2rr dhe bheatha. Ph\u00f2s e M\u00e0iri NicGilleFhialain, t\u00e8 \u00e0 Uibhist a Deas. Bha teaghlach m\u00f2r aca agus bha obair aig D\u00f2mhnall sna g\u00e0rraidhean-iarainn air a\u2019 Chluaidh.     <\/p>    <\/div>\n<\/div>\n<!-- \/module text -->        <\/div>\n                        <\/div>\n        <\/div>\n                        <div  data-lazy=\"1\" class=\"module_row themify_builder_row tb_xbzh003 tf_w hide-mobile\">\n                        <div class=\"row_inner col_align_top tb_col_count_1 tf_box tf_rel\">\n                        <div  data-lazy=\"1\" class=\"module_column tb-column col-full tb_xl20443 first\">\n                            <div  data-lazy=\"1\" class=\"module_subrow themify_builder_sub_row tf_w col_align_top tb_col_count_1 tb_um80041\">\n                <div  data-lazy=\"1\" class=\"module_column sub_column col-full tb_28z6033 first\">\n                    <!-- module text -->\n<div  class=\"module module-text tb_lyen130   \" data-lazy=\"1\">\n        <div  class=\"tb_text_wrap\">\n        <div class=\"page\" title=\"Duilleag 2\">\n<div class=\"section\">\n<div class=\"layoutArea\">\n<div class=\"column\">\n<h1 style=\"text-align: left\">P\u00e0islig<\/h1>\n<\/div>\n<\/div>\n<\/div>\n<\/div>    <\/div>\n<\/div>\n<!-- \/module text --><!-- module text -->\n<div  class=\"module module-text tb_pci3910   \" data-lazy=\"1\">\n        <div  class=\"tb_text_wrap\">\n        <p style=\"font-weight: 400\">Bha D\u00f2mhnall ainmeil sa choimhearsnachd agus bha beachdan poilitigeach l\u00e0idir aige agus tha sin follaiseach ann an iomadh d\u00e0n is \u00f2ran aige. Bhuannaich e Cr\u00f9n a\u2019 Bh\u00e0ird aig a\u2019 Mh\u00f2d N\u00e0iseanta ann an 1938. Fhuair e sin airson d\u00e0n m\u00f2r Ae\u00f2lus agus am Balg, p\u00ecos b\u00e0rdachd a dh\u2019innis sgeul mu thr\u00ec diathan m\u00f2ra a sh\u00e8ideadh gailleann os cionn taighe ann an Uibhist. Bha an d\u00e0n seo na shamhla air na cumhachdan faisisteach a bha a\u2019 sabaid an aghaidh nan caidreabhaich san d\u00e0rna chogadh mh\u00f2r. Thuirt britheamh aig a\u2019 Mh\u00f2d gum b\u2019 e seo \u201cd\u00e0n G\u00e0idhlig na linne\u201d.    <\/p>\n<p style=\"font-weight: 400\">Rinn D\u00f2mhnall \u00f2rain phoilitigeach eile mar \u00d2ran na Cloiche agus \u00d2ran nan Rocaidean. Tha \u00d2ran na Cloiche a\u2019 moladh nan ceithir oileanach a \u2018shaor\u2019 Lia F\u00e0il \u00e0 Abaid Westminster L\u00e0 na Nollaig 1950. Seo aon dhe na h-\u00f2rain Gh\u00e0idhlig as ainmeile agus chaidh a chl\u00e0radh as \u00f9r o chionn goirid le <strong>M\u00e0nran<\/strong> agus <strong>Kathleen NicAonghais<\/strong>.  <\/p>    <\/div>\n<\/div>\n<!-- \/module text -->        <\/div>\n                    <\/div>\n                <\/div>\n                        <\/div>\n        <\/div>\n                        <div  data-lazy=\"1\" class=\"module_row themify_builder_row tb_gvg2230 tf_w hide-mobile\">\n                        <div class=\"row_inner col_align_top tb_col_count_2 tf_box tf_rel\">\n                        <div  data-lazy=\"1\" class=\"module_column tb-column col4-2 tb_o7tg231 first\">\n                    <!-- module video -->\n<div  class=\"module module-video tb_xne0234 video-top  \" data-lazy=\"1\">\n                    <div class=\"video-wrap-outer\">\n            <div class=\"video-wrap tf_rel tf_overflow\">\n                                    <noscript><iframe data-no-script src=\"https:\/\/www.youtube.com\/embed\/2W7QM8X2EdE?pip=1&#038;playsinline=1\" allow=\"accelerometer;encrypted-media;gyroscope;picture-in-picture;fullscreen\" class=\"tf_abs tf_w tf_h\"><\/iframe><\/noscript>\n                                <\/div>\n            <!-- \/video-wrap -->\n        <\/div>\n        <!-- \/video-wrap-outer -->\n            <\/div>\n        <\/div>\n                    <div  data-lazy=\"1\" class=\"module_column tb-column col4-2 tb_86fu347 last\">\n                    <!-- module video -->\n<div  class=\"module module-video tb_e0r7234 video-top  \" data-lazy=\"1\">\n                    <div class=\"video-wrap-outer\">\n            <div class=\"video-wrap tf_rel tf_overflow\">\n                                    <noscript><iframe data-no-script src=\"https:\/\/www.youtube.com\/embed\/zEMLd-IaMvM?pip=1&#038;playsinline=1\" allow=\"accelerometer;encrypted-media;gyroscope;picture-in-picture;fullscreen\" class=\"tf_abs tf_w tf_h\"><\/iframe><\/noscript>\n                                <\/div>\n            <!-- \/video-wrap -->\n        <\/div>\n        <!-- \/video-wrap-outer -->\n            <\/div>\n        <\/div>\n                        <\/div>\n        <\/div>\n                        <div  data-lazy=\"1\" class=\"module_row themify_builder_row tb_yxd5550 tf_w hide-mobile\">\n                        <div class=\"row_inner col_align_top tb_col_count_2 tf_box tf_rel\">\n                        <div  data-lazy=\"1\" class=\"module_column tb-column col4-2 tb_n8ra550 first\">\n                    <!-- module text -->\n<div  class=\"module module-text tb_5cyt430   \" data-lazy=\"1\">\n        <div  class=\"tb_text_wrap\">\n        <div class=\"page\" title=\"Duilleag 2\">\n<div class=\"section\">\n<div class=\"layoutArea\">\n<div class=\"column\">\n<h1 style=\"text-align: left\">Na h-\u00f2rain<\/h1>\n<\/div>\n<\/div>\n<\/div>\n<\/div>    <\/div>\n<\/div>\n<!-- \/module text --><!-- module text -->\n<div  class=\"module module-text tb_42tx694   \" data-lazy=\"1\">\n        <div  class=\"tb_text_wrap\">\n        <p style=\"font-weight: 400\">Ann an \u00d2ran nan Rocaidean, tha D\u00f2mhnall Ruadh ag iomairt an aghaidh rainnse nan rocaidean a bha Riaghaltas Bhreatainn a\u2019 togail sna h-Eileanan Siar. Bha esan dhen bheachd gur e leasachadh cunnartach a bha seo do choimhearsnachd na G\u00e0idhlig a bhith aig f\u00ecor bheulaibh a\u2019 chogaidh fhuair agus rinn e \u00f2ran aoireil na aghaidh. <\/p>\n<p style=\"font-weight: 400\">Ach rinn D\u00f2mhnall \u00f2rain cuideachd a\u2019 bha a\u2019 moladh n\u00e0dar is coimhearsnachd. Tha aon dhe na h-\u00f2rain as ainmeile aige ag innse sgeul <a href=\"https:\/\/www.youtube.com\/watch?v=ajFtSOdj8KM\">B\u00f9th Dh\u00f2mhnaill \u2019IcLe\u00f2id<\/a> \u2013 taigh-seinnse air Rathad Ph\u00e0islig an Iar. Tha e a\u2019 toirt dealbh \u00e8ibhinn is gu math mionaideach air an taigh-seinnse \u2019s na daoine a rachadh ann. \u2019S e tuairisgeul m\u00ecorbhaileach a th\u2019 ann air na taighean-seinnse a bhiodh ann am P\u00e0islig sna 1950an. Rinn <strong>C\u00f2isir Gh\u00e0idhlig Inbhir Pheofharain<\/strong> cl\u00e0radh dhen \u00f2ran seo. Tha Sporan Dh\u00f2mhnaill, air an l\u00e0imh eile, ag innse d\u00e8 cho doirbh \u2019s a bha e dha a theaghlach a chumail suas is an t-airgead cho gann. Chaidh seo a chl\u00e0radh leis a\u2019 bhuidheann Gh\u00e0idhlig ainmeil, <strong>D\u00e0imh.<\/strong>      <\/p>    <\/div>\n<\/div>\n<!-- \/module text -->        <\/div>\n                    <div  data-lazy=\"1\" class=\"module_column tb-column col4-2 tb_l9yl484 last\">\n                    <!-- module text -->\n<div  class=\"module module-text tb_x7nf613   \" data-lazy=\"1\">\n        <div  class=\"tb_text_wrap\">\n        <div class=\"page\" title=\"Duilleag 2\">\n<div class=\"section\">\n<div class=\"layoutArea\">\n<div class=\"column\">\n<h1 style=\"text-align: left\">A chomasan mar bh\u00e0rd<\/h1>\n<\/div>\n<\/div>\n<\/div>\n<\/div>    <\/div>\n<\/div>\n<!-- \/module text --><!-- module text -->\n<div  class=\"module module-text tb_wel7201   \" data-lazy=\"1\">\n        <div  class=\"tb_text_wrap\">\n        <p style=\"font-weight: 400;text-align: left\">Bha b\u00e0rdachd Dh\u00f2mhnaill Ruaidh ainmeil airson cho geur \u2019s a bha iad agus na beachdan poilitigeach is s\u00f2isealta a thug e seachad ach cuideachd leis cho ealanta \u2019s a bha e le comhardadh G\u00e0idhlig agus mar a bha e a\u2019 tarraing air b\u00e0rdachd thradaiseanta. Tha cuid ag r\u00e0dh gun robh de bhriathrachas is sgil aige air b\u00e0rdachd a bha nas fhaisge air b\u00e0ird ainmeil na 18mh na na b\u00e0ird Gh\u00e0idhlig eile a bha be\u00f2 aig an aon \u00e0m san 20mh linn. Sin cho math \u2019s a bha e!  <\/p>\n<p style=\"font-weight: 400;text-align: left\">Ge-t\u00e0, ged a rinn e oidhirp an obair aige a chur an cl\u00f2 fhad \u2019s a bha e be\u00f2, cha deach leis. Aig a\u2019 cheann thall, bha e air a sh\u00e0rachadh cho m\u00f2r gun do chuir e teine ri obair mh\u00f2r a bheatha aig an taigh. Gu fortanach, chaidh aig an nighean aige air na d\u00e0in a sh\u00e0bhaladh on teine. Chaochail D\u00f2mhnall Ruadh ann am P\u00e0islig ann an 1964 agus cha deach cruinneachadh nan d\u00e0n aige, Sporan Dh\u00f2mhnaill, fhoillseachadh gus a\u2019 bhliadhna 1968.   <\/p>    <\/div>\n<\/div>\n<!-- \/module text -->        <\/div>\n                        <\/div>\n        <\/div>\n                        <div  data-lazy=\"1\" class=\"module_row themify_builder_row tb_m8j7403 tf_w\">\n                        <div class=\"row_inner col_align_top tb_col_count_1 tf_box tf_rel\">\n                        <div  data-lazy=\"1\" class=\"module_column tb-column col-full tb_akxa404 first\">\n                    <!-- module text -->\n<div  class=\"module module-text tb_u5p2430   \" data-lazy=\"1\">\n        <div  class=\"tb_text_wrap\">\n        <div class=\"page\" title=\"Duilleag 2\">\n<div class=\"section\">\n<div class=\"layoutArea\">\n<div class=\"column\">\n<h1 style=\"text-align: left\">D\u00ecleab Ph\u00e0islig<\/h1>\n<\/div>\n<\/div>\n<\/div>\n<\/div>    <\/div>\n<\/div>\n<!-- \/module text --><!-- module text -->\n<div  class=\"module module-text tb_whw8967   \" data-lazy=\"1\">\n        <div  class=\"tb_text_wrap\">\n        <p style=\"font-weight: 400\"> Tha daoine fhathast dhen bheachd gun robh am fireannach seo a rugadh ann am bochdainn ann an Uibhist a Deas ach a thug seachad a\u2019 chuid as motha dhe bheatha ann am P\u00e0islig am measg nam b\u00e0rd G\u00e0idhlig as fhe\u00e0rr a-riamh. Seinnidh agus cl\u00e0raichidh daoine \u00f2rain Dh\u00f2mhnaill Ruaidh fhathast agus tha d\u00ecleab b\u00e0rd Ph\u00e0islig na ceangal buan a-nis eadar P\u00e0islig agus a dhualchas G\u00e0idhlig. <\/p>    <\/div>\n<\/div>\n<!-- \/module text --><!-- module divider -->\n<div  class=\"module tf_mw module-divider tb_37nb405 solid   \" style=\"border-width: 1px;border-color: #f75418;margin-bottom: 30px;\" data-lazy=\"1\">\n    <\/div>\n<!-- \/module divider -->\n        <\/div>\n                        <\/div>\n        <\/div>\n                        <div  data-lazy=\"1\" class=\"module_row themify_builder_row tb_lv7i104 tf_w\">\n                        <div class=\"row_inner col_align_top tb_col_count_2 tf_box tf_rel\">\n                        <div  data-lazy=\"1\" class=\"module_column tb-column col4-2 tb_k45f105 first\">\n                    <!-- module image -->\n<div  class=\"module module-image tb_gr2e958 image-left   tf_mw\" data-lazy=\"1\">\n        <div class=\"image-wrap tf_rel tf_mw\">\n            <img loading=\"lazy\" decoding=\"async\" src=\"https:\/\/feisphaislig.com\/wp-content\/uploads\/2023\/02\/images-150x72.png\" width=\"150\" height=\"72\" class=\"wp-post-image wp-image-10252\" title=\"images\" alt=\"images\" srcset=\"https:\/\/feisphaislig.com\/wp-content\/uploads\/2023\/02\/images-150x72.png 150w, https:\/\/feisphaislig.com\/wp-content\/uploads\/2023\/02\/images-300x145.png 300w, https:\/\/feisphaislig.com\/wp-content\/uploads\/2023\/02\/images.png 323w\" sizes=\"auto, (max-width: 150px) 100vw, 150px\" \/>    \n        <\/div>\n    <!-- \/image-wrap -->\n    \n        <\/div>\n<!-- \/module image --><!-- module text -->\n<div  class=\"module module-text tb_qdqu394   \" data-lazy=\"1\">\n        <div  class=\"tb_text_wrap\">\n        <p>\u2019S urrainn dhut coimhead air p\u00ecosan beaga de phr\u00f2gram mu Dh\u00f2mhnall Ruadh <a href=\"https:\/\/www.bbc.co.uk\/programmes\/b00rzm58\/clips\">an seo<\/a>.<\/p>    <\/div>\n<\/div>\n<!-- \/module text -->        <\/div>\n                    <div  data-lazy=\"1\" class=\"module_column tb-column col4-2 tb_hx4b490 last\">\n                    <!-- module text -->\n<div  class=\"module module-text tb_ljlh943   \" data-lazy=\"1\">\n        <div  class=\"tb_text_wrap\">\n        <p><\/p>\n    <\/div>\n<\/div>\n<!-- \/module text -->        <\/div>\n                        <\/div>\n        <\/div>\n                        <div  data-css_id=\"m46n677\" data-lazy=\"1\" class=\"module_row themify_builder_row fullwidth_row_container tb_m46n677 tf_w\">\n                        <div class=\"row_inner col_align_middle tb_col_count_2 tf_box tf_rel\">\n                        <div  data-lazy=\"1\" class=\"module_column tb-column col4-2 tb_km2r677 first\">\n                    <!-- module image -->\n<div  class=\"module module-image tb_c8o8677 image-top   tf_mw hide-mobile\" data-lazy=\"1\">\n        <div class=\"image-wrap tf_rel tf_mw\">\n            <img loading=\"lazy\" decoding=\"async\" width=\"355\" height=\"789\" src=\"https:\/\/feisphaislig.com\/wp-content\/uploads\/2025\/02\/Treble-1.png\" class=\"wp-post-image wp-image-12693\" title=\"Treble\" alt=\"Treble\" srcset=\"https:\/\/feisphaislig.com\/wp-content\/uploads\/2025\/02\/Treble-1.png 355w, https:\/\/feisphaislig.com\/wp-content\/uploads\/2025\/02\/Treble-1-135x300.png 135w\" sizes=\"auto, (max-width: 355px) 100vw, 355px\" \/>    \n        <\/div>\n    <!-- \/image-wrap -->\n    \n        <\/div>\n<!-- \/module image -->        <\/div>\n                    <div  data-lazy=\"1\" class=\"module_column tb-column col4-2 tb_zfe3677 last\">\n                    <!-- module text -->\n<div  class=\"module module-text tb_899o677   \" data-lazy=\"1\">\n        <div  class=\"tb_text_wrap\">\n        <h3><strong>Gabh p\u00e0irt nar coimhearsnachd<\/strong><\/h3>    <\/div>\n<\/div>\n<!-- \/module text --><!-- module text -->\n<div  class=\"module module-text tb_iqly677   \" data-lazy=\"1\">\n        <div  class=\"tb_text_wrap\">\n        <p>A bheil thu airson p\u00e0irt a ghabhail nar coimhearsnachd? <a href=\"https:\/\/feisphaislig.com\/gd\/cur-fios-gu\/\">Cuir fios thugainn<\/a> is faigh barrachd fiosrachaidh mu na pr\u00f2iseactan againn, cl\u00e0raich aig <a href=\"https:\/\/feisphaislig.us10.list-manage.com\/subscribe?u=279bc01d988c8a72b8ac6f203&amp;id=98166c58b3&amp;utm_content=buffer3ac7e&amp;utm_medium=social&amp;utm_source=facebook.com&amp;utm_campaign=buffer\">a\u2019 chuairt-litir<\/a> no lean sinn <a href=\"https:\/\/www.instagram.com\/feisphaislig\">sna meadhanan s\u00f2isealta<\/a> \u2019s c\u00f9m ceum ris na naidheachdan againn!<\/p>    <\/div>\n<\/div>\n<!-- \/module text --><!-- module widget -->\n<div  class=\"module module-widget tb_swei677  \" data-lazy=\"1\">\n    <div class=\"widget themify-social-links\"><ul class=\"social-links horizontal\">\n                        <li class=\"social-link-item facebook font-icon icon-medium\">\n                            <a href=\"https:\/\/www.facebook.com\/feisphaislig\" aria-label=\"facebook\" target=\"_blank\" rel=\"noopener\"><em><svg  aria-label=\"Facebook\" class=\"tf_fa tf-ti-facebook\" xmlns:xlink=\"http:\/\/www.w3.org\/1999\/xlink\" role=\"img\"><use href=\"#tf-ti-facebook\" xlink:href=\"#tf-ti-facebook\"><\/use><\/svg><\/em>  <\/a>\n                        <\/li>\n                        <!-- \/themify-link-item -->\n                        <li class=\"social-link-item instagram font-icon icon-medium\">\n                            <a href=\"https:\/\/www.instagram.com\/feisphaislig\/\" aria-label=\"instagram\" target=\"_blank\" rel=\"noopener\"><em><svg  aria-label=\"Instagram\" class=\"tf_fa tf-fab-instagram\" xmlns:xlink=\"http:\/\/www.w3.org\/1999\/xlink\" role=\"img\"><use href=\"#tf-fab-instagram\" xlink:href=\"#tf-fab-instagram\"><\/use><\/svg><\/em>  <\/a>\n                        <\/li>\n                        <!-- \/themify-link-item -->\n                        <li class=\"social-link-item x font-icon icon-medium\">\n                            <a href=\"https:\/\/x.com\/feisphaislig\" aria-label=\"x\" target=\"_blank\" rel=\"noopener\"><em><svg  aria-label=\"X\" class=\"tf_fa tf-fab-x-twitter\" xmlns:xlink=\"http:\/\/www.w3.org\/1999\/xlink\" role=\"img\"><use href=\"#tf-fab-x-twitter\" xlink:href=\"#tf-fab-x-twitter\"><\/use><\/svg><\/em>  <\/a>\n                        <\/li>\n                        <!-- \/themify-link-item -->\n                        <li class=\"social-link-item youtube font-icon icon-medium\">\n                            <a href=\"https:\/\/www.youtube.com\/channel\/UChUB6zbAqhn7_of9YN8tvSg\" aria-label=\"youtube\" target=\"_blank\" rel=\"noopener\"><em><svg  aria-label=\"Youtube\" class=\"tf_fa tf-ti-youtube\" xmlns:xlink=\"http:\/\/www.w3.org\/1999\/xlink\" role=\"img\"><use href=\"#tf-ti-youtube\" xlink:href=\"#tf-ti-youtube\"><\/use><\/svg><\/em>  <\/a>\n                        <\/li>\n                        <!-- \/themify-link-item -->\n                        <li class=\"social-link-item email font-icon icon-medium\">\n                            <a href=\"mailto:info@feisphaislig.com\" aria-label=\"email\" target=\"_blank\" rel=\"noopener\"><em><svg  aria-label=\"Email\" class=\"tf_fa tf-fas-envelope\" xmlns:xlink=\"http:\/\/www.w3.org\/1999\/xlink\" role=\"img\"><use href=\"#tf-fas-envelope\" xlink:href=\"#tf-fas-envelope\"><\/use><\/svg><\/em>  <\/a>\n                        <\/li>\n                        <!-- \/themify-link-item -->\n                        <li class=\"social-link-item bandcamp font-icon icon-medium\">\n                            <a href=\"https:\/\/feisphaislig.bandcamp.com\" aria-label=\"bandcamp\" target=\"_blank\" rel=\"noopener\"><em><svg  aria-label=\"Bandcamp\" class=\"tf_fa tf-fas-music\" xmlns:xlink=\"http:\/\/www.w3.org\/1999\/xlink\" role=\"img\"><use href=\"#tf-fas-music\" xlink:href=\"#tf-fas-music\"><\/use><\/svg><\/em>  <\/a>\n                        <\/li>\n                        <!-- \/themify-link-item --><\/ul><\/div><\/div>\n<!-- \/module widget -->\n        <\/div>\n                        <\/div>\n        <\/div>\n        <\/div>\n<!--\/themify_builder_content-->","protected":false},"excerpt":{"rendered":"<p>\u00a9 Teaghlach nan Cuimeanach B\u00e0rd Ph\u00e0islig B\u00e0rd Ph\u00e0islig Goireas a chaidh a chruinneachadh le Gillebr\u00ecde Mac\u2019IlleMhaoil Tha ceangal l\u00e0idir eadar P\u00e0islig agus cultar G\u00e0idhlig leis gun robh aon dhe na b\u00e0ird ainmeile na 20mh linne a\u2019 fuireach ann. Ged a rugadh D\u00f2mhnall Mac an t-Saoir no D\u00f2mhnall Ruadh mac Aonghais Ruaidh ann an Uibhist a [&hellip;]<\/p>\n","protected":false},"author":1,"featured_media":0,"parent":0,"menu_order":0,"comment_status":"closed","ping_status":"closed","template":"","meta":{"footnotes":""},"class_list":["post-13735","page","type-page","status-publish","hentry","has-post-title","has-post-date","has-post-category","has-post-tag","has-post-comment","has-post-author",""],"aioseo_notices":[],"builder_content":"<img src=\"https:\/\/feisphaislig.com\/wp-content\/uploads\/2023\/02\/DRPortrait.jpg\" title=\"DRPortrait\" alt=\"\u00a9 Teaghlach nan Cuimeanach\" srcset=\"https:\/\/feisphaislig.com\/wp-content\/uploads\/2023\/02\/DRPortrait.jpg 1650w, https:\/\/feisphaislig.com\/wp-content\/uploads\/2023\/02\/DRPortrait-205x300.jpg 205w, https:\/\/feisphaislig.com\/wp-content\/uploads\/2023\/02\/DRPortrait-700x1024.jpg 700w, https:\/\/feisphaislig.com\/wp-content\/uploads\/2023\/02\/DRPortrait-768x1123.jpg 768w, https:\/\/feisphaislig.com\/wp-content\/uploads\/2023\/02\/DRPortrait-1051x1536.jpg 1051w, https:\/\/feisphaislig.com\/wp-content\/uploads\/2023\/02\/DRPortrait-1401x2048.jpg 1401w\" sizes=\"(max-width: 1650px) 100vw, 1650px\" \/> \u00a9 Teaghlach nan Cuimeanach\n<h1 style=\"text-align: left\">B\u00e0rd Ph\u00e0islig<\/h1>\n<h3 style=\"text-align: left\"><em>B\u00e0rd Ph\u00e0islig<\/em><\/h3>\n<p style=\"text-align: left\"><strong><em>Goireas a chaidh a chruinneachadh le Gillebr\u00ecde Mac\u2019IlleMhaoil<\/em><\/strong><\/p>\n<p style=\"font-weight: 400\">Tha ceangal l\u00e0idir eadar P\u00e0islig agus cultar G\u00e0idhlig leis gun robh aon dhe na b\u00e0ird ainmeile na 20mh linne a\u2019 fuireach ann. Ged a rugadh D\u00f2mhnall Mac an t-Saoir no D\u00f2mhnall Ruadh mac Aonghais Ruaidh ann an Uibhist a Deas, \u2019s ann am P\u00e0islig a chuir e seachad cuid mh\u00f2r dhe bheatha ann am P\u00e0islig agus sin far an do thog e a theaghlach. Agus chaidh a th\u00ecodhlacadh ann an Cladh Hawkhead ann am P\u00e0islig. \u2019S e B\u00e0rd Ph\u00e0islig an t-ainm a bh\u2019 aig m\u00f2ran air. B\u2019 e B\u00e0rd Ph\u00e0islig a rinn cuid dhe na h-\u00f2rain as ainmeile ann am P\u00e0islig fh\u00e8in \u2013 can \u00d2ran na Cloiche agus B\u00f9th Dh\u00f2mhnaill \u2019IcLe\u00f2id. <\/p>\n<h1 style=\"text-align: left\">C\u00f2 bh\u2019 ann an D\u00f2mhnall Ruadh, B\u00e0rd Ph\u00e0islig?<\/h1>\n<p style=\"font-weight: 400\">Rugadh D\u00f2mhnall ann an Snaoiseabhal ann an 1889, clachan beag ann an Uibhist a Deas sna h-Eileanan Siar. Cha robh ach G\u00e0idhlig aig a mh\u00e0thair agus bha an d\u00e0 ch\u00e0nan aig athair. Chuir D\u00f2mhnall seachad \u00f9ine mh\u00f2r c\u00f2mhla ri a mh\u00e0thair nuair a bha e \u00f2g agus ri linn sin, bha briathrachas G\u00e0idhlig m\u00f2r is farsaing aige \u2013 fad a bharrachd a bhiodh aig m\u00f2ran dhe cho-aoisean. <\/p>\n<h1 style=\"text-align: left\">Neach-labhairt na coimhearsnachd<\/h1>\n<p style=\"font-weight: 400\">Cha robh D\u00f2mhnall ach 19 nuair a b\u2019 fheudar dha muinntir an eilein aige a riochdachadh aig c\u00f9irt. Bha uachdaran fearann Uibhist, a\u2019 Bhaintighearna Gordon Cathcart, airson toirmeasg do dhaoine coin a chumail airson obair na croite. Chaidh D\u00f2mhnall Ruadh ainmeachadh leis a\u2019 choimhearsnachd airson an riochdachadh sa ch\u00f9irt \u2013 agus chaidh leis. Dh\u2019innis e gur e C\u00f9irt nan Con a\u2019 chiad turas a rinn e p\u00ecos b\u00e0rdachd. <\/p>\n<h1 style=\"text-align: left\">Seirbheis san arm<\/h1>\n<p style=\"font-weight: 400\">Bha D\u00f2mhnall Ruadh sna Camshronaich fhad \u2019s a bha e san arm ach dh\u2019fh\u00e0g e an t-arm mus do th\u00f2isich a\u2019 chiad chogadh m\u00f2r. Ge-t\u00e0, bha e a\u2019 faireachdainn gum bu ch\u00f2ir dha seirbheis a dh\u00e8anamh agus ghabh e san arm as \u00f9r agus rinn e sabaid sa chiad chogadh. Ach seach mar a rinn m\u00f2ran dhe na b\u00e0ird Gh\u00e0idhlig eile a bha sa chogadh sin, cha do rinn D\u00f2mhnall Ruadh b\u00e0rdachd sam bith mun chogadh. <\/p>\n<h1 style=\"text-align: left\">An t-\u00ecsleachadh m\u00f2r<\/h1>\n<p style=\"font-weight: 400\">Dh\u2019\u00e8irich \u00ecsleachadh m\u00f2r san eaconamaidh an d\u00e8idh a\u2019 chiad chogaidh mh\u00f2ir. Cha robh c\u00f9isean furasta do mh\u00f2ran aig toiseach 20an na naoidheamh linn dheug, a\u2019 gabhail a-staigh D\u00f2mhnall. Bha e na chlachair ann an Uibhist an d\u00e8idh a\u2019 chogaidh ach b\u2019 fheudar dha an t-eilean fh\u00e0gail an t\u00f2ir obrach. Rinn e obair ann an iomadh \u00e0ite ann an Alba ach ghabh e c\u00f2mhnaidh ann am P\u00e0islig aig a\u2019 cheann thall agus is ann an sin a thug e seachad a ch\u00f2rr dhe bheatha. Ph\u00f2s e M\u00e0iri NicGilleFhialain, t\u00e8 \u00e0 Uibhist a Deas. Bha teaghlach m\u00f2r aca agus bha obair aig D\u00f2mhnall sna g\u00e0rraidhean-iarainn air a\u2019 Chluaidh. <\/p>\n<h1 style=\"text-align: left\">P\u00e0islig<\/h1>\n<p style=\"font-weight: 400\">Bha D\u00f2mhnall ainmeil sa choimhearsnachd agus bha beachdan poilitigeach l\u00e0idir aige agus tha sin follaiseach ann an iomadh d\u00e0n is \u00f2ran aige. Bhuannaich e Cr\u00f9n a\u2019 Bh\u00e0ird aig a\u2019 Mh\u00f2d N\u00e0iseanta ann an 1938. Fhuair e sin airson d\u00e0n m\u00f2r Ae\u00f2lus agus am Balg, p\u00ecos b\u00e0rdachd a dh\u2019innis sgeul mu thr\u00ec diathan m\u00f2ra a sh\u00e8ideadh gailleann os cionn taighe ann an Uibhist. Bha an d\u00e0n seo na shamhla air na cumhachdan faisisteach a bha a\u2019 sabaid an aghaidh nan caidreabhaich san d\u00e0rna chogadh mh\u00f2r. Thuirt britheamh aig a\u2019 Mh\u00f2d gum b\u2019 e seo \u201cd\u00e0n G\u00e0idhlig na linne\u201d. <\/p> <p style=\"font-weight: 400\">Rinn D\u00f2mhnall \u00f2rain phoilitigeach eile mar \u00d2ran na Cloiche agus \u00d2ran nan Rocaidean. Tha \u00d2ran na Cloiche a\u2019 moladh nan ceithir oileanach a \u2018shaor\u2019 Lia F\u00e0il \u00e0 Abaid Westminster L\u00e0 na Nollaig 1950. Seo aon dhe na h-\u00f2rain Gh\u00e0idhlig as ainmeile agus chaidh a chl\u00e0radh as \u00f9r o chionn goirid le <strong>M\u00e0nran<\/strong> agus <strong>Kathleen NicAonghais<\/strong>. <\/p>\n[embed]https:\/\/www.youtube.com\/watch?v=2W7QM8X2EdE[\/embed]\n[embed]https:\/\/www.youtube.com\/watch?v=zEMLd-IaMvM[\/embed]\n<h1 style=\"text-align: left\">Na h-\u00f2rain<\/h1>\n<p style=\"font-weight: 400\">Ann an \u00d2ran nan Rocaidean, tha D\u00f2mhnall Ruadh ag iomairt an aghaidh rainnse nan rocaidean a bha Riaghaltas Bhreatainn a\u2019 togail sna h-Eileanan Siar. Bha esan dhen bheachd gur e leasachadh cunnartach a bha seo do choimhearsnachd na G\u00e0idhlig a bhith aig f\u00ecor bheulaibh a\u2019 chogaidh fhuair agus rinn e \u00f2ran aoireil na aghaidh. <\/p> <p style=\"font-weight: 400\">Ach rinn D\u00f2mhnall \u00f2rain cuideachd a\u2019 bha a\u2019 moladh n\u00e0dar is coimhearsnachd. Tha aon dhe na h-\u00f2rain as ainmeile aige ag innse sgeul <a href=\"https:\/\/www.youtube.com\/watch?v=ajFtSOdj8KM\">B\u00f9th Dh\u00f2mhnaill \u2019IcLe\u00f2id<\/a> \u2013 taigh-seinnse air Rathad Ph\u00e0islig an Iar. Tha e a\u2019 toirt dealbh \u00e8ibhinn is gu math mionaideach air an taigh-seinnse \u2019s na daoine a rachadh ann. \u2019S e tuairisgeul m\u00ecorbhaileach a th\u2019 ann air na taighean-seinnse a bhiodh ann am P\u00e0islig sna 1950an. Rinn <strong>C\u00f2isir Gh\u00e0idhlig Inbhir Pheofharain<\/strong> cl\u00e0radh dhen \u00f2ran seo. Tha Sporan Dh\u00f2mhnaill, air an l\u00e0imh eile, ag innse d\u00e8 cho doirbh \u2019s a bha e dha a theaghlach a chumail suas is an t-airgead cho gann. Chaidh seo a chl\u00e0radh leis a\u2019 bhuidheann Gh\u00e0idhlig ainmeil, <strong>D\u00e0imh.<\/strong> <\/p>\n<h1 style=\"text-align: left\">A chomasan mar bh\u00e0rd<\/h1>\n<p style=\"font-weight: 400;text-align: left\">Bha b\u00e0rdachd Dh\u00f2mhnaill Ruaidh ainmeil airson cho geur \u2019s a bha iad agus na beachdan poilitigeach is s\u00f2isealta a thug e seachad ach cuideachd leis cho ealanta \u2019s a bha e le comhardadh G\u00e0idhlig agus mar a bha e a\u2019 tarraing air b\u00e0rdachd thradaiseanta. Tha cuid ag r\u00e0dh gun robh de bhriathrachas is sgil aige air b\u00e0rdachd a bha nas fhaisge air b\u00e0ird ainmeil na 18mh na na b\u00e0ird Gh\u00e0idhlig eile a bha be\u00f2 aig an aon \u00e0m san 20mh linn. Sin cho math \u2019s a bha e! <\/p> <p style=\"font-weight: 400;text-align: left\">Ge-t\u00e0, ged a rinn e oidhirp an obair aige a chur an cl\u00f2 fhad \u2019s a bha e be\u00f2, cha deach leis. Aig a\u2019 cheann thall, bha e air a sh\u00e0rachadh cho m\u00f2r gun do chuir e teine ri obair mh\u00f2r a bheatha aig an taigh. Gu fortanach, chaidh aig an nighean aige air na d\u00e0in a sh\u00e0bhaladh on teine. Chaochail D\u00f2mhnall Ruadh ann am P\u00e0islig ann an 1964 agus cha deach cruinneachadh nan d\u00e0n aige, Sporan Dh\u00f2mhnaill, fhoillseachadh gus a\u2019 bhliadhna 1968. <\/p>\n<h1 style=\"text-align: left\">D\u00ecleab Ph\u00e0islig<\/h1>\n<p style=\"font-weight: 400\"> Tha daoine fhathast dhen bheachd gun robh am fireannach seo a rugadh ann am bochdainn ann an Uibhist a Deas ach a thug seachad a\u2019 chuid as motha dhe bheatha ann am P\u00e0islig am measg nam b\u00e0rd G\u00e0idhlig as fhe\u00e0rr a-riamh. Seinnidh agus cl\u00e0raichidh daoine \u00f2rain Dh\u00f2mhnaill Ruaidh fhathast agus tha d\u00ecleab b\u00e0rd Ph\u00e0islig na ceangal buan a-nis eadar P\u00e0islig agus a dhualchas G\u00e0idhlig. <\/p>\n\n<img src=\"https:\/\/feisphaislig.com\/wp-content\/uploads\/2023\/02\/images-150x72.png\" width=\"150\" height=\"72\" title=\"images\" alt=\"images\" srcset=\"https:\/\/feisphaislig.com\/wp-content\/uploads\/2023\/02\/images-150x72.png 150w, https:\/\/feisphaislig.com\/wp-content\/uploads\/2023\/02\/images-300x145.png 300w, https:\/\/feisphaislig.com\/wp-content\/uploads\/2023\/02\/images.png 323w\" sizes=\"(max-width: 150px) 100vw, 150px\" \/>\n<p>\u2019S urrainn dhut coimhead air p\u00ecosan beaga de phr\u00f2gram mu Dh\u00f2mhnall Ruadh <a href=\"https:\/\/www.bbc.co.uk\/programmes\/b00rzm58\/clips\">an seo<\/a>.<\/p>\n<p><\/p>\n<img src=\"https:\/\/feisphaislig.com\/wp-content\/uploads\/2025\/02\/Treble-1.png\" title=\"Treble\" alt=\"Treble\" srcset=\"https:\/\/feisphaislig.com\/wp-content\/uploads\/2025\/02\/Treble-1.png 355w, https:\/\/feisphaislig.com\/wp-content\/uploads\/2025\/02\/Treble-1-135x300.png 135w\" sizes=\"(max-width: 355px) 100vw, 355px\" \/>\n<h3><strong>Gabh p\u00e0irt nar coimhearsnachd<\/strong><\/h3>\n<p>A bheil thu airson p\u00e0irt a ghabhail nar coimhearsnachd? <a href=\"https:\/\/feisphaislig.com\/gd\/cur-fios-gu\/\">Cuir fios thugainn<\/a> is faigh barrachd fiosrachaidh mu na pr\u00f2iseactan againn, cl\u00e0raich aig <a href=\"https:\/\/feisphaislig.us10.list-manage.com\/subscribe?u=279bc01d988c8a72b8ac6f203&amp;id=98166c58b3&amp;utm_content=buffer3ac7e&amp;utm_medium=social&amp;utm_source=facebook.com&amp;utm_campaign=buffer\">a\u2019 chuairt-litir<\/a> no lean sinn <a href=\"https:\/\/www.instagram.com\/feisphaislig\">sna meadhanan s\u00f2isealta<\/a> \u2019s c\u00f9m ceum ris na naidheachdan againn!<\/p>\n<ul><li><a href=\"https:\/\/www.facebook.com\/feisphaislig\">Facebook<\/a><\/li><li><a href=\"https:\/\/www.instagram.com\/feisphaislig\/\">Instagram<\/a><\/li><li><a href=\"https:\/\/x.com\/feisphaislig\">X<\/a><\/li><li><a href=\"https:\/\/www.youtube.com\/channel\/UChUB6zbAqhn7_of9YN8tvSg\">Youtube<\/a><\/li><li><a href=\"mailto:info@feisphaislig.com\">Email<\/a><\/li><li><a href=\"https:\/\/feisphaislig.bandcamp.com\">Bandcamp<\/a><\/li><\/ul>","_links":{"self":[{"href":"https:\/\/feisphaislig.com\/gd\/wp-json\/wp\/v2\/pages\/13735","targetHints":{"allow":["GET"]}}],"collection":[{"href":"https:\/\/feisphaislig.com\/gd\/wp-json\/wp\/v2\/pages"}],"about":[{"href":"https:\/\/feisphaislig.com\/gd\/wp-json\/wp\/v2\/types\/page"}],"author":[{"embeddable":true,"href":"https:\/\/feisphaislig.com\/gd\/wp-json\/wp\/v2\/users\/1"}],"replies":[{"embeddable":true,"href":"https:\/\/feisphaislig.com\/gd\/wp-json\/wp\/v2\/comments?post=13735"}],"version-history":[{"count":3,"href":"https:\/\/feisphaislig.com\/gd\/wp-json\/wp\/v2\/pages\/13735\/revisions"}],"predecessor-version":[{"id":13738,"href":"https:\/\/feisphaislig.com\/gd\/wp-json\/wp\/v2\/pages\/13735\/revisions\/13738"}],"wp:attachment":[{"href":"https:\/\/feisphaislig.com\/gd\/wp-json\/wp\/v2\/media?parent=13735"}],"curies":[{"name":"wp","href":"https:\/\/api.w.org\/{rel}","templated":true}]}}